{"id":971,"date":"2021-07-28T14:25:52","date_gmt":"2021-07-28T17:25:52","guid":{"rendered":"https:\/\/cobem.com.br\/2021\/?page_id=971"},"modified":"2021-09-02T18:24:32","modified_gmt":"2021-09-02T21:24:32","slug":"atividades-culturais","status":"publish","type":"page","link":"https:\/\/cobem.com.br\/2021\/atividades-culturais\/","title":{"rendered":"Atividades Culturais"},"content":{"rendered":"\t\t<div data-elementor-type=\"wp-page\" data-elementor-id=\"971\" class=\"elementor elementor-971\" data-elementor-settings=\"[]\">\n\t\t\t\t\t\t<div class=\"elementor-inner\">\n\t\t\t\t\t\t\t<div class=\"elementor-section-wrap\">\n\t\t\t\t\t\t\t<section class=\"elementor-section elementor-top-section elementor-element elementor-element-420c082 elementor-section-height-min-height elementor-section-items-top elementor-section-boxed elementor-section-height-default\" data-id=\"420c082\" data-element_type=\"section\" data-settings=\"{&quot;background_background&quot;:&quot;classic&quot;}\">\n\t\t\t\t\t\t<div class=\"elementor-container elementor-column-gap-default\">\n\t\t\t\t\t\t\t<div class=\"elementor-row\">\n\t\t\t\t\t<div class=\"elementor-column elementor-col-100 elementor-top-column elementor-element elementor-element-3365024\" data-id=\"3365024\" data-element_type=\"column\">\n\t\t\t<div class=\"elementor-column-wrap elementor-element-populated\">\n\t\t\t\t\t\t\t<div class=\"elementor-widget-wrap\">\n\t\t\t\t\t\t<div class=\"elementor-element elementor-element-cb49f57 elementor-widget elementor-widget-heading\" data-id=\"cb49f57\" data-element_type=\"widget\" data-widget_type=\"heading.default\">\n\t\t\t\t<div class=\"elementor-widget-container\">\n\t\t\t<h2 class=\"elementor-heading-title elementor-size-default\">ATIVIDADES CULTURAIS<\/h2>\t\t<\/div>\n\t\t\t\t<\/div>\n\t\t\t\t\t\t<\/div>\n\t\t\t\t\t<\/div>\n\t\t<\/div>\n\t\t\t\t\t\t\t\t<\/div>\n\t\t\t\t\t<\/div>\n\t\t<\/section>\n\t\t\t\t<section class=\"elementor-section elementor-top-section elementor-element elementor-element-f62d6f9 elementor-section-boxed elementor-section-height-default elementor-section-height-default\" data-id=\"f62d6f9\" data-element_type=\"section\" data-settings=\"{&quot;background_background&quot;:&quot;classic&quot;}\">\n\t\t\t\t\t\t<div class=\"elementor-container elementor-column-gap-default\">\n\t\t\t\t\t\t\t<div class=\"elementor-row\">\n\t\t\t\t\t<div class=\"elementor-column elementor-col-100 elementor-top-column elementor-element elementor-element-f16c5a4\" data-id=\"f16c5a4\" data-element_type=\"column\">\n\t\t\t<div class=\"elementor-column-wrap elementor-element-populated\">\n\t\t\t\t\t\t\t<div class=\"elementor-widget-wrap\">\n\t\t\t\t\t\t<div class=\"elementor-element elementor-element-a304a24 elementor-widget elementor-widget-text-editor\" data-id=\"a304a24\" data-element_type=\"widget\" data-widget_type=\"text-editor.default\">\n\t\t\t\t<div class=\"elementor-widget-container\">\n\t\t\t\t\t\t\t\t<div class=\"elementor-text-editor elementor-clearfix\">\n\t\t\t\t<p><strong>LISTA DE PRODUTOS CULTURAIS APROVADOS<\/strong><\/p><p>Confira a lista de produtos culturais aprovados no edital da programa\u00e7\u00e3o cultural do 59\u00ba Cobem<\/p><p><span style=\"color: #ff6600;\"><a style=\"color: #ff6600;\" href=\"https:\/\/cobem.com.br\/2021\/wp-content\/uploads\/2021\/09\/59COBEM_EDITAL-CULTURAL-LISTA-APROVADOS.pdf\" target=\"_blank\" rel=\"noopener\">VISUALIZAR LISTA (clique aqui)<\/a><\/span><\/p>\t\t\t\t\t<\/div>\n\t\t\t\t\t\t<\/div>\n\t\t\t\t<\/div>\n\t\t\t\t<div class=\"elementor-element elementor-element-9204bff elementor-widget-divider--view-line elementor-widget elementor-widget-divider\" data-id=\"9204bff\" data-element_type=\"widget\" data-widget_type=\"divider.default\">\n\t\t\t\t<div class=\"elementor-widget-container\">\n\t\t\t\t\t<div class=\"elementor-divider\">\n\t\t\t<span class=\"elementor-divider-separator\">\n\t\t\t\t\t\t<\/span>\n\t\t<\/div>\n\t\t\t\t<\/div>\n\t\t\t\t<\/div>\n\t\t\t\t<div class=\"elementor-element elementor-element-774fd2e elementor-widget elementor-widget-heading\" data-id=\"774fd2e\" data-element_type=\"widget\" data-widget_type=\"heading.default\">\n\t\t\t\t<div class=\"elementor-widget-container\">\n\t\t\t<h2 class=\"elementor-heading-title elementor-size-default\">EDITAL PARA PARTICIPA\u00c7\u00c3O NAS ATIVIDADES CULTURAIS<br\/>\n59\u00ba CONGRESSO BRASILEIRO DE EDUCA\u00c7\u00c3O M\u00c9DICA\n<\/h2>\t\t<\/div>\n\t\t\t\t<\/div>\n\t\t\t\t<div class=\"elementor-element elementor-element-2af4fbf elementor-widget elementor-widget-heading\" data-id=\"2af4fbf\" data-element_type=\"widget\" data-widget_type=\"heading.default\">\n\t\t\t\t<div class=\"elementor-widget-container\">\n\t\t\t<h2 class=\"elementor-heading-title elementor-size-default\">EDUCA\u00c7\u00c3O M\u00c9DICA TRANSFORMADORA: REVISITANDO O PASSADO,<br\/>VIVENDO O PRESENTE E ESPERAN\u00c7ANDO O FUTURO.\n<\/h2>\t\t<\/div>\n\t\t\t\t<\/div>\n\t\t\t\t<div class=\"elementor-element elementor-element-50dc3b1 elementor-widget elementor-widget-text-editor\" data-id=\"50dc3b1\" data-element_type=\"widget\" data-widget_type=\"text-editor.default\">\n\t\t\t\t<div class=\"elementor-widget-container\">\n\t\t\t\t\t\t\t\t<div class=\"elementor-text-editor elementor-clearfix\">\n\t\t\t\t<p><b><\/b><b>1. DO EVENTO<\/b><\/p><p><span style=\"font-weight: 400;\">1.1. As regras a seguir dizem respeito \u00e0 submiss\u00e3o de atividades culturais para o 59\u00ba Congresso Brasileiro de Educa\u00e7\u00e3o M\u00e9dica, que ocorrer\u00e1 nos dias <\/span><b>18\/09\/2021 a 22\/09\/2021, <\/b><span style=\"font-weight: 400;\">no formato virtual<\/span><b>.<\/b><\/p><p><span style=\"font-weight: 400;\">1.2. A realiza\u00e7\u00e3o de atividades culturais no evento \u00e9 uma oportunidade para docentes e discentes do curso de Medicina e de outros cursos da \u00e1rea da sa\u00fade compartilharem com os congressistas suas experi\u00eancias locais, suas habilidades individuais e constru\u00e7\u00f5es coletivas no campo da arte e cultura que tenham rela\u00e7\u00e3o com a tem\u00e1tica do congresso.<\/span><\/p><p>\u00a0<\/p><p><b><\/b><b>2. DAS ATIVIDADES CULTURAIS<\/b><\/p><p><span style=\"font-weight: 400;\">2.1. As atividades estar\u00e3o inseridas na programa\u00e7\u00e3o do congresso, em diversos formatos, entre os <\/span><b>dias 18 e 22 de setembro de 2021.<\/b><\/p><p><span style=\"font-weight: 400;\">2.2. A proposta de atividade dever\u00e1 estar <\/span><b>relacionada com a tem\u00e1tica do congresso e seus eixos de programa\u00e7\u00e3o.<\/b><\/p><p><span style=\"font-weight: 400;\">2.3. As atividades dever\u00e3o ter formato que atenda ao estabelecido no item 3.4.<\/span><\/p><p><span style=\"font-weight: 400;\">2.4. As atividades dever\u00e3o incentivar a participa\u00e7\u00e3o e protagonismo dos interessados, dando \u00eanfase a <\/span><b>propostas criativas, inovadoras, individuais ou coletivas, reflexivas e que reforcem a import\u00e2ncia da arte e cultura na educa\u00e7\u00e3o m\u00e9dica<\/b><span style=\"font-weight: 400;\">.<\/span><\/p><p><span style=\"font-weight: 400;\">2.5. As propostas dever\u00e3o ser <\/span><b>submetidas on-line,<\/b><span style=\"font-weight: 400;\"> como indicado neste edital, at\u00e9 a data limite de <\/span><b>27\/08\/2021<\/b><span style=\"font-weight: 400;\">.\u00a0<\/span><\/p><p><span style=\"font-weight: 400;\">2.6. Em hip\u00f3tese alguma ser\u00e3o aceitas atividades enviadas por qualquer outro meio de comunica\u00e7\u00e3o que n\u00e3o o estabelecido neste edital.<\/span><\/p><p><span style=\"font-weight: 400;\">2.7. Pelo menos <\/span><b>um dos autores<\/b><span style=\"font-weight: 400;\"> da proposta de atividade cultural deve ser <\/span><b>associado adimplente da ABEM ou estar inscrito no 59\u00ba COBEM.<\/b><\/p><p><span style=\"font-weight: 400;\">2.8. Eixos e tem\u00e1ticas norteadores para a submiss\u00e3o de atividades culturais podem ser encontrados no site: <\/span><a href=\"https:\/\/cobem.com.br\/2021\/o-cobem\/eixos-temario\/\"><span style=\"font-weight: 400;\">https:\/\/cobem.com.br\/2021\/o-cobem\/eixos-temario\/<\/span><\/a><\/p><p><span style=\"font-weight: 400;\">2.9. <\/span><b>As atividades culturais propostas devem usar apenas materiais que sejam de dom\u00ednio p\u00fablico ou sobre o qual tenham direito autoral (imagem, m\u00fasica, voz, v\u00eddeo).<\/b><\/p><p>\u00a0<\/p><p><b>3. DOS FORMATOS DAS ATIVIDADES CULTURAIS<\/b><\/p><p><span style=\"font-weight: 400;\">3.1. As atividades dever\u00e3o atender aos formatos estabelecidos neste edital.<\/span><\/p><p><span style=\"font-weight: 400;\">3.2. N\u00e3o ser\u00e3o aceitas atividades que n\u00e3o cumpram com as regras estabelecidas previamente.<\/span><\/p><p><span style=\"font-weight: 400;\">3.3. Os formatos das atividades poder\u00e3o seguir o padr\u00e3o: <\/span><i><span style=\"font-weight: 400;\">Gota de Cultura, Encontro como Alimento, Pr\u00e1ticas Integrativas, Biblioteca Comunit\u00e1ria e Registros Fotogr\u00e1ficos<\/span><\/i><span style=\"font-weight: 400;\">.<\/span><\/p><p><b>3.4. A defini\u00e7\u00e3o dos padr\u00f5es para cada modalidade deve seguir os crit\u00e9rios abaixo:<\/b><\/p><ul><li><b>GOTAS DE CULTURA:<\/b><\/li><\/ul><p><b>DEFINI\u00c7\u00c3O:<br \/><\/b>Consiste na filmagem e edi\u00e7\u00e3o de um produto cultural cujo conte\u00fado seja explorado atrav\u00e9s do exerc\u00edcio criativo, por via de alguma linguagem art\u00edstica que se relacione ao tema do congresso. Esses produtos (gotas de cultura), ser\u00e3o veiculados em cada uma das mesas de trabalho, atividades \u201ccomo eu fa\u00e7o\u201d e confer\u00eancias previstas na programa\u00e7\u00e3o do congresso. Lembre-se que as linguagens como a performance, stop motion, tik-tok, m\u00fasica, dan\u00e7a, canto, poesia e cinema devem gerar produtos de natureza audiovisual, neste caso, as gotas de cultura. Cada participante pode enviar quantas gotas de cultura desejar.<\/p><p><b>NATUREZA:<br \/><\/b>Audiovisual = v\u00eddeo<b><br \/><\/b><\/p><p><strong>TEMPO:<br \/><\/strong>2-4 minutos<strong><br \/><\/strong><\/p><p><b>REQUISITOS:<br \/><\/b>O produto deve ser preparado, preferencialmente, de forma coletiva e deve ser enviado <strong>totalmente editado<\/strong>. A grava\u00e7\u00e3o dever\u00e1 ser feita na horizontal, em Full HD (1920&#215;1080 pixels). A estrutura do v\u00eddeo \u00e9 livre.<b><br \/><\/b><\/p><p><b>ORIENTA\u00c7\u00d5ES PARA ENVIO:<br \/><span style=\"font-weight: 400;\">Deve ser feito o upload do v\u00eddeo no site Vimeo. O <\/span>envio do link do v\u00eddeo salvo no Vimeo <span style=\"font-weight: 400;\">deve ser feito atrav\u00e9s do seguinte formul\u00e1rio: <\/span><span style=\"color: #3366ff;\"><a style=\"color: #3366ff;\" href=\"https:\/\/forms.gle\/qDZfYQVpQGip7LiaA\">https:\/\/forms.gle\/qDZfYQVpQGip7LiaA<\/a><\/span><br \/><\/b><\/p><p>&#8212;<\/p><ul><li><b>FOTOGRAFIA:<\/b><\/li><\/ul><p><b>DEFINI\u00c7\u00c3O:<br \/><span style=\"font-weight: 400;\">Consiste na produ\u00e7\u00e3o e envio de registros fotogr\u00e1ficos de autoria dos participantes inscritos no 59\u00ba COBEM, tendo como foco da produ\u00e7\u00e3o as refer\u00eancias Freireanas relacionadas a <\/span>Pedagogia da Autonomia, Pedagogia da Esperan\u00e7a e Pedagogia do Oprimido <span style=\"font-weight: 400;\">e que dialoguem com os <\/span>desafios da Educa\u00e7\u00e3o M\u00e9dica<span style=\"font-weight: 400;\"> a partir da <\/span>pandemia da COVID19<span style=\"font-weight: 400;\">.<\/span><br \/><\/b><\/p><p><b>NATUREZA:<br \/><\/b>Imagem<\/p><p><strong>TEMPO:<\/strong><br \/>N\u00e3o se aplica<\/p><p><strong>REQUISITOS:<\/strong><br \/><span style=\"font-weight: 400;\">Fotografias em preto e branco ou coloridas in\u00e9ditas, originais e criativas. Ser\u00e3o aceitas <\/span><b>1 fotografia por participante<\/b> <b>em cada uma das categorias <\/b><span style=\"font-weight: 400;\">acima.\u00a0 O formato deve ser JPG com no m\u00e1ximo 1 (um) megabyte de tamanho. Ao enviar o seu produto, nomeie-o \u201cFOTO &#8211; 59 COBEM &#8211; NOME DO AUTOR&#8221;<\/span><\/p><p><strong>ORIENTA\u00c7\u00d5ES PARA ENVIO:<br \/><\/strong><span style=\"font-weight: 400;\">O envio do material para a comiss\u00e3o cultural deve ser feito atrav\u00e9s do seguinte formul\u00e1rio: <\/span><span style=\"color: #3366ff;\"><a style=\"color: #3366ff;\" href=\"https:\/\/forms.gle\/UmyCTSuSQ2Ydwn2t8\"><b>https:\/\/forms.gle\/UmyCTSuSQ2Ydwn2t8<\/b><\/a><\/span><\/p><p>&#8212;<\/p><ul><li><strong><b>PR\u00c1TICAS INTEGRATIVAS<\/b><\/strong><\/li><\/ul><p><strong>DEFINI\u00c7\u00c3O:<\/strong><br \/><span style=\"font-weight: 400;\">Inspirados na Pol\u00edtica de Pr\u00e1ticas Integrativas e Complementares do SUS, esta modalidade de apresenta\u00e7\u00e3o ir\u00e1 compor o <\/span><b>espa\u00e7o de autocuidado e cultivo de saberes chamado Tenda Paulo Freire<\/b><span style=\"font-weight: 400;\">. Os produtos submetidos devem instruir e incentivar os participantes do espa\u00e7o a realizarem a pr\u00e1tica na sua casa. Tamb\u00e9m ser\u00e3o aceitos instrutivos e v\u00eddeos educativos que incentivem pr\u00e1ticas integrativas no cotidiano.<\/span><\/p><p><strong>NATUREZA:<\/strong><br \/><span style=\"font-weight: 400;\">Audiovisual &#8211; v\u00eddeo<\/span><\/p><p><strong>TEMPO:<\/strong><br \/><span style=\"font-weight: 400;\">10-15 min<\/span><\/p><p><strong>REQUISITOS:<\/strong><br \/><span style=\"font-weight: 400;\">O produto audiovisual deve ser enviado <\/span><b>totalmente editado<\/b><span style=\"font-weight: 400;\">. A grava\u00e7\u00e3o dever\u00e1 ser feita na horizontal, em Full HD (1920&#215;1080 pixels). A estrutura do v\u00eddeo \u00e9 livre.<\/span><\/p><p><strong>ORIENTA\u00c7\u00d5ES PARA ENVIO:<\/strong><br \/><span style=\"font-weight: 400;\">Deve ser feito o upload do v\u00eddeo no site Vimeo. O envio do <\/span><b>link do v\u00eddeo salvo no Vimeo<\/b><span style=\"font-weight: 400;\"> deve ser feito atrav\u00e9s do seguinte formul\u00e1rio:\u00a0 <\/span><span style=\"color: #3366ff;\"><a style=\"color: #3366ff;\" href=\"https:\/\/forms.gle\/NHMVx4ZjcJGaL4Kn7\"><b>https:\/\/forms.gle\/NHMVx4ZjcJGaL4Kn7<\/b><\/a><\/span><\/p><p>&#8212;<\/p><ul><li><b>BIBLIOTECA COMUNIT\u00c1RIA<\/b><\/li><\/ul><p><strong>DEFINI\u00c7\u00c3O:<\/strong><br \/><span style=\"font-weight: 400;\">A biblioteca comunit\u00e1ria \u00e9 um projeto que visa a <\/span><b>cria\u00e7\u00e3o de um acervo de indica\u00e7\u00f5es de obras liter\u00e1rias<\/b><span style=\"font-weight: 400;\">, reunidas a partir da rela\u00e7\u00e3o que seus leitores mantiveram com elas. A biblioteca estar\u00e1 dispon\u00edvel na Tenda Paulo Freire para visita\u00e7\u00e3o no 59\u00ba COBEM. Os interessados devem enviar <\/span><b>sugest\u00f5es de leitura e um pequeno par\u00e1grafo<\/b><span style=\"font-weight: 400;\"> que conte um pouco a sua rela\u00e7\u00e3o com o livro indicado e a raz\u00e3o de sua escolha. Ser\u00e3o aceitas obras liter\u00e1rias, consagradas ou n\u00e3o. <\/span><b>O espa\u00e7o n\u00e3o est\u00e1 destinado \u00e0 indica\u00e7\u00e3o de livros t\u00e9cnico-cient\u00edficos.<\/b><\/p><p><strong>NATUREZA:\u00a0<\/strong><br \/><span style=\"font-weight: 400;\">Imagem &amp; Texto<\/span><\/p><p><strong>TEMPO:<\/strong><br \/>N\u00e3o se aplica<\/p><p><strong>REQUISITOS:<\/strong><br \/><span style=\"font-weight: 400;\">Imagem em JPG (m\u00e1ximo 1Mb) da<\/span><b> capa do livro<\/b><span style=\"font-weight: 400;\"> que deseja sugerir e arquivo de Word com texto de no m\u00e1ximo 200 (duzentas) palavras. Ser\u00e3o aceitas at\u00e9 <\/span><b>5 indica\u00e7\u00f5es por pessoa<\/b><span style=\"font-weight: 400;\">. Ao enviar o seu produto, nomeie-o \u201cLIVRO &#8211; 59 COBEM &#8211; NOME DO AUTOR&#8221;. N\u00e3o \u00e9 necess\u00e1rio enviar o pdf do livro.<\/span><\/p><p><strong>ORIENTA\u00c7\u00d5ES PARA ENVIO:<\/strong><br \/><span style=\"font-weight: 400;\">O envio do material para a comiss\u00e3o cultural deve ser feito atrav\u00e9s do seguinte formul\u00e1rio: <\/span><a href=\"https:\/\/forms.gle\/K5wHmcv6K7r3TRHSA\"><span style=\"color: #3366ff;\"><b>https:\/\/forms.gle\/K5wHmcv6K7r3TRHSA<\/b><\/span><\/a><\/p><p>&#8212;<\/p><ul><li><b>ENCONTRO COMO ALIMENTO<\/b><\/li><\/ul><p><strong>DEFINI\u00c7\u00c3O:<\/strong><br \/><span style=\"font-weight: 400;\">Consiste na filmagem e edi\u00e7\u00e3o de um produto audiovisual em que o ato de preparar os pratos relacionados a Paulo Freire possam ser motivo de partilha, alegria e troca de afetos. A confec\u00e7\u00e3o do prato deve vir acompanhada por alguma narrativa sobre a origem da comida ou receita, aspectos da cultura onde ela se insere e refer\u00eancias \u00e0 obra e\/ou pessoa Paulo Freire.\u00a0 Devem ser preparadas, preferencialmente, por um docente e um discente, por uma dupla ou grupo de colegas.<\/span><\/p><p><strong>NATUREZA:<\/strong><br \/><span style=\"font-weight: 400;\">Audiovisual<\/span><\/p><p><strong>TEMPO:<\/strong><br \/><span style=\"font-weight: 400;\">20-30 minutos<\/span><\/p><p><strong>REQUISITOS:<\/strong><br \/><span style=\"font-weight: 400;\">O produto deve ser preparado, preferencialmente, de forma coletiva\u00a0 deve ser enviado <\/span><b>totalmente editado<\/b><span style=\"font-weight: 400;\">. A grava\u00e7\u00e3o dever\u00e1 ser feita na horizontal, em FullHD (1920x1080pixels). A estrutura do v\u00eddeo \u00e9 livre.<\/span><\/p><p><strong>ORIENTA\u00c7\u00d5ES PARA ENVIO:<\/strong><br \/><span style=\"font-weight: 400;\">Deve ser feito o upload do v\u00eddeo no site Vimeo. O envio do material do Vimeo para a comiss\u00e3o cultural deve ser feito atrav\u00e9s do seguinte formul\u00e1rio: <\/span><a href=\"https:\/\/forms.gle\/7zy3FkiDiVuZ3eyB6\"><span style=\"color: #3366ff;\"><b>https:\/\/forms.gle\/7zy3FkiDiVuZ3eyB6<\/b><\/span><\/a><\/p><p>&#8212;<\/p><p><span style=\"font-weight: 400;\">3.5. As atividades podem incluir a ficha t\u00e9cnica, com o nome dos envolvidos e com os cr\u00e9ditos dos autores das obras. Inclua, caso deseje, o registro do nome de sua institui\u00e7\u00e3o de ensino superior.<\/span><\/p><p>\u00a0<\/p><p><b>4. DO ENVIO DAS ATIVIDADES<\/b><\/p><p><span style=\"font-weight: 400;\">4.1. As atividades devem obedecer as ORIENTA\u00c7\u00d5ES DE ENVIO do Item 3.4.<\/span><\/p><p><span style=\"font-weight: 400;\">4.2. O envio do material dever\u00e1 ser feito atrav\u00e9s do formul\u00e1rio espec\u00edfico dispon\u00edvel no Item 3.4 em cada uma das modalidades at\u00e9 o dia <\/span><b>27 de agosto de 2021.\u00a0<\/b><\/p><p><span style=\"font-weight: 400;\">4.3.<\/span> <span style=\"font-weight: 400;\">Ao enviar o material o proponente concorda em ceder seu uso de imagem e voz para uso p\u00fablico na agenda cultural do COBEM e nas m\u00eddias da ABEM.<\/span><\/p><p><span style=\"font-weight: 400;\">4.4 Quaisquer dificuldades no uso do Vimeo podem ser sanadas atrav\u00e9s do seguinte v\u00eddeo instrucional:<\/span><span style=\"color: #3366ff;\"><a style=\"color: #3366ff;\" href=\"https:\/\/vimeo.com\/user119978673\/download\/454806834\/0b1c7d1ac4\"><span style=\"font-weight: 400;\">https:\/\/vimeo.com\/user119978673\/download\/454806834\/0b1c7d1ac4<\/span><\/a><\/span><\/p><p>\u00a0<\/p><p><b>5. DA FORMA DE AVALIA\u00c7\u00c3O<\/b><\/p><p><span style=\"font-weight: 400;\">5.1. N\u00e3o ser\u00e3o aceitas as atividades que estiverem fora dos padr\u00f5es de formato proposto ou n\u00e3o seguirem as regras aqui apresentadas.<\/span><\/p><p><span style=\"font-weight: 400;\">5.2. Todas as atividades enviadas ser\u00e3o avaliadas e selecionadas exclusivamente pela Comiss\u00e3o Cultural do 59\u00ba Congresso Brasileiro de Educa\u00e7\u00e3o M\u00e9dica.<\/span><\/p><p><span style=\"font-weight: 400;\">5.3. A Comiss\u00e3o Cultural do 59\u00ba Congresso Brasileiro de Educa\u00e7\u00e3o M\u00e9dica n\u00e3o ir\u00e1 desclassificar qualquer atividade cultural, a menos que as mesmas tenham conte\u00fado com viol\u00eancia, opress\u00f5es de maneira geral ou conte\u00fado anti\u00e9tico.<\/span><\/p><p><span style=\"font-weight: 400;\">5.4. Ser\u00e3o oferecidos certificados aos autores das atividades culturais exibidas no congresso.<\/span><\/p><p><span style=\"font-weight: 400;\">5.5. Em cada categoria ser\u00e3o selecionadas at\u00e9 2 (duas) atividades que se destacarem em virtude de sua qualidade t\u00e9cnica e est\u00e9tica, originalidade e criatividade e receber\u00e3o uma men\u00e7\u00e3o a esse respeito.\u00a0<\/span><\/p><p><span style=\"font-weight: 400;\">5.6. As atividades culturais aprovadas ser\u00e3o divulgadas pela p\u00e1gina do COBEM at\u00e9 o dia <\/span><b>03\/09\/2021<\/b><span style=\"font-weight: 400;\">.<\/span><\/p><p>\u00a0<\/p><p><b>6.<\/b> <b>DO CRONOGRAMA<\/b><\/p><p>IN\u00cdCIO DO PRAZO PARA SUBMISS\u00c3O:<b> 28\/07\/21<br \/><\/b>FIM DO PRAZO PARA SUBMISS\u00c3O:<b> 27\/08\/21<br \/><\/b>DIVULGA\u00c7\u00c3O DAS ATIVIDADES APROVADAS<b>: 03\/09\/21<br \/><\/b><\/p><p>\u00a0<\/p><p><b>7. DISPOSI\u00c7\u00d5ES FINAIS<\/b><\/p><p><span style=\"font-weight: 400;\">7.1. A Comiss\u00e3o Cultural reserva-se o direito de cancelar, interromper, suspender ou adiar a submiss\u00e3o e\/ou publica\u00e7\u00e3o das atividades no todo ou em parte, em caso fortuito ou de for\u00e7a maior.<\/span><\/p><p><span style=\"font-weight: 400;\">7.2. Os autores das atividades reconhecem e declaram, assumindo todas as responsabilidades legais, de forma irrevog\u00e1vel e irretrat\u00e1vel, que todas as informa\u00e7\u00f5es fornecidas, bem como a autoria dos produtos s\u00e3o verdadeiras, pr\u00f3prias e originais.<\/span><\/p><p><span style=\"font-weight: 400;\">7.3. A Comiss\u00e3o Cultural \u00e9 incontestavelmente soberana nas suas decis\u00f5es, inexistindo a possibilidade de recursos a este edital.<\/span><\/p><p><span style=\"font-weight: 400;\">7.4. A inclus\u00e3o de qualquer atividade, desde que cumprindo as condi\u00e7\u00f5es aqui apresentadas, j\u00e1 caracteriza a aceita\u00e7\u00e3o irrestrita a todas as regras aqui previstas.<\/span><\/p><p><span style=\"font-weight: 400;\">7.5. Os casos aqui omissos ser\u00e3o analisados pela Comiss\u00e3o Cultural.\u00a0<\/span><\/p><p style=\"text-align: right;\"><span style=\"font-weight: 400;\">Bras\u00edlia, 28 de julho de 2021<br \/><\/span><span style=\"font-weight: 400;\">59\u00ba Congresso Brasileiro de Educa\u00e7\u00e3o M\u00e9dica<br \/><\/span><span style=\"font-weight: 400;\">Comiss\u00e3o Cultural<\/span><\/p>\t\t\t\t\t<\/div>\n\t\t\t\t\t\t<\/div>\n\t\t\t\t<\/div>\n\t\t\t\t<div class=\"elementor-element elementor-element-fc4834d elementor-widget elementor-widget-spacer\" data-id=\"fc4834d\" data-element_type=\"widget\" data-widget_type=\"spacer.default\">\n\t\t\t\t<div class=\"elementor-widget-container\">\n\t\t\t\t\t<div class=\"elementor-spacer\">\n\t\t\t<div class=\"elementor-spacer-inner\"><\/div>\n\t\t<\/div>\n\t\t\t\t<\/div>\n\t\t\t\t<\/div>\n\t\t\t\t\t\t<\/div>\n\t\t\t\t\t<\/div>\n\t\t<\/div>\n\t\t\t\t\t\t\t\t<\/div>\n\t\t\t\t\t<\/div>\n\t\t<\/section>\n\t\t\t\t\t\t<\/div>\n\t\t\t\t\t\t<\/div>\n\t\t\t\t\t<\/div>\n\t\t","protected":false},"excerpt":{"rendered":"<p>ATIVIDADES CULTURAIS LISTA DE PRODUTOS CULTURAIS APROVADOS Confira a lista de produtos culturais aprovados no edital da programa\u00e7\u00e3o cultural do 59\u00ba Cobem VISUALIZAR LISTA (clique aqui) EDITAL PARA PARTICIPA\u00c7\u00c3O NAS ATIVIDADES CULTURAIS 59\u00ba CONGRESSO BRASILEIRO DE EDUCA\u00c7\u00c3O M\u00c9DICA EDUCA\u00c7\u00c3O M\u00c9DICA TRANSFORMADORA: REVISITANDO O PASSADO,VIVENDO O PRESENTE E ESPERAN\u00c7ANDO O FUTURO. 1. DO EVENTO 1.1. As [&hellip;]<\/p>\n","protected":false},"author":1,"featured_media":0,"parent":0,"menu_order":4,"comment_status":"closed","ping_status":"closed","template":"elementor_header_footer","meta":[],"_links":{"self":[{"href":"https:\/\/cobem.com.br\/2021\/wp-json\/wp\/v2\/pages\/971"}],"collection":[{"href":"https:\/\/cobem.com.br\/2021\/wp-json\/wp\/v2\/pages"}],"about":[{"href":"https:\/\/cobem.com.br\/2021\/wp-json\/wp\/v2\/types\/page"}],"author":[{"embeddable":true,"href":"https:\/\/cobem.com.br\/2021\/wp-json\/wp\/v2\/users\/1"}],"replies":[{"embeddable":true,"href":"https:\/\/cobem.com.br\/2021\/wp-json\/wp\/v2\/comments?post=971"}],"version-history":[{"count":13,"href":"https:\/\/cobem.com.br\/2021\/wp-json\/wp\/v2\/pages\/971\/revisions"}],"predecessor-version":[{"id":1211,"href":"https:\/\/cobem.com.br\/2021\/wp-json\/wp\/v2\/pages\/971\/revisions\/1211"}],"wp:attachment":[{"href":"https:\/\/cobem.com.br\/2021\/wp-json\/wp\/v2\/media?parent=971"}],"curies":[{"name":"wp","href":"https:\/\/api.w.org\/{rel}","templated":true}]}}