{"id":149,"date":"2020-02-25T15:23:41","date_gmt":"2020-02-25T18:23:41","guid":{"rendered":"http:\/\/cobem.com.br\/2020\/website_provisorio\/?page_id=149"},"modified":"2021-07-19T10:14:32","modified_gmt":"2021-07-19T13:14:32","slug":"organizacao","status":"publish","type":"page","link":"https:\/\/cobem.com.br\/2021\/o-cobem\/organizacao\/","title":{"rendered":"Organiza\u00e7\u00e3o"},"content":{"rendered":"\t\t<div data-elementor-type=\"wp-page\" data-elementor-id=\"149\" class=\"elementor elementor-149\" data-elementor-settings=\"[]\">\n\t\t\t\t\t\t<div class=\"elementor-inner\">\n\t\t\t\t\t\t\t<div class=\"elementor-section-wrap\">\n\t\t\t\t\t\t\t<section class=\"elementor-section elementor-top-section elementor-element elementor-element-420c082 elementor-section-height-min-height elementor-section-items-top elementor-section-boxed elementor-section-height-default\" data-id=\"420c082\" data-element_type=\"section\" data-settings=\"{&quot;background_background&quot;:&quot;classic&quot;}\">\n\t\t\t\t\t\t<div class=\"elementor-container elementor-column-gap-default\">\n\t\t\t\t\t\t\t<div class=\"elementor-row\">\n\t\t\t\t\t<div class=\"elementor-column elementor-col-100 elementor-top-column elementor-element elementor-element-3365024\" data-id=\"3365024\" data-element_type=\"column\">\n\t\t\t<div class=\"elementor-column-wrap elementor-element-populated\">\n\t\t\t\t\t\t\t<div class=\"elementor-widget-wrap\">\n\t\t\t\t\t\t<div class=\"elementor-element elementor-element-cb49f57 elementor-widget elementor-widget-heading\" data-id=\"cb49f57\" data-element_type=\"widget\" data-widget_type=\"heading.default\">\n\t\t\t\t<div class=\"elementor-widget-container\">\n\t\t\t<h2 class=\"elementor-heading-title elementor-size-default\">ORGANIZA\u00c7\u00c3O<\/h2>\t\t<\/div>\n\t\t\t\t<\/div>\n\t\t\t\t\t\t<\/div>\n\t\t\t\t\t<\/div>\n\t\t<\/div>\n\t\t\t\t\t\t\t\t<\/div>\n\t\t\t\t\t<\/div>\n\t\t<\/section>\n\t\t\t\t<section class=\"elementor-section elementor-top-section elementor-element elementor-element-f62d6f9 elementor-section-boxed elementor-section-height-default elementor-section-height-default\" data-id=\"f62d6f9\" data-element_type=\"section\" data-settings=\"{&quot;background_background&quot;:&quot;classic&quot;}\">\n\t\t\t\t\t\t<div class=\"elementor-container elementor-column-gap-default\">\n\t\t\t\t\t\t\t<div class=\"elementor-row\">\n\t\t\t\t\t<div class=\"elementor-column elementor-col-100 elementor-top-column elementor-element elementor-element-f16c5a4\" data-id=\"f16c5a4\" data-element_type=\"column\">\n\t\t\t<div class=\"elementor-column-wrap elementor-element-populated\">\n\t\t\t\t\t\t\t<div class=\"elementor-widget-wrap\">\n\t\t\t\t\t\t<div class=\"elementor-element elementor-element-774fd2e elementor-widget elementor-widget-heading\" data-id=\"774fd2e\" data-element_type=\"widget\" data-widget_type=\"heading.default\">\n\t\t\t\t<div class=\"elementor-widget-container\">\n\t\t\t<h2 class=\"elementor-heading-title elementor-size-default\">COMISS\u00c3O ORGANIZADORA<\/h2>\t\t<\/div>\n\t\t\t\t<\/div>\n\t\t\t\t<div class=\"elementor-element elementor-element-a304a24 elementor-widget elementor-widget-text-editor\" data-id=\"a304a24\" data-element_type=\"widget\" data-widget_type=\"text-editor.default\">\n\t\t\t\t<div class=\"elementor-widget-container\">\n\t\t\t\t\t\t\t\t<div class=\"elementor-text-editor elementor-clearfix\">\n\t\t\t\t<p><strong>Comiss\u00e3o Geral:<\/strong><br \/>Sandro Schreiber de Oliveira<br \/>Andre Ferreira de Abreu Junior<\/p><p><strong>Comiss\u00e3o de Infraestrutura, Divulga\u00e7\u00e3o e Marketing:<\/strong><br \/>Sandro Schreiber de Oliveira<br \/>Denise Herdy Afonso<br \/>Eduardo Arquimino Postal<\/p><p><strong>Comiss\u00e3o Programa\u00e7\u00e3o Cient\u00edfica:<\/strong><br \/>Eliana Goldfarb Cyrino<br \/>Nildo Alves Batista<br \/>Eduardo Arquimino Postal<br \/>Andre Ferreira de Abreu Junior<\/p><p><strong>Comiss\u00e3o\u00a0 Cultural:<\/strong><br \/>Andr\u00e9 Ferreira de Abreu J\u00fanior <br \/>Ana Claudia Chazan<br \/>Caio Alexandre Mendes Moreira<br \/>Daniel Kahwage Silva<br \/>Denise Herdy Afonso <br \/>Gabriela Paracampo de Albuquerque<br \/>Let\u00edcia Freitas<br \/>Lia Sousa Rocha <br \/>Lia Silveira<br \/>Luciana Brand\u00e3o Carreira<br \/>Marina Rodrigues Pinheiro do Nascimento<br \/>Sandro Schreiber de Oliveira<br \/><br \/><strong>Comiss\u00e3o de Trabalhos e Oficinas:<\/strong><br \/>Andr\u00e9 Ferreira de Abreu Junior<br \/>Carlos Eduardo Merss<br \/>Denise Herdy Afonso<\/p>\t\t\t\t\t<\/div>\n\t\t\t\t\t\t<\/div>\n\t\t\t\t<\/div>\n\t\t\t\t<div class=\"elementor-element elementor-element-1e64017 elementor-widget elementor-widget-spacer\" data-id=\"1e64017\" data-element_type=\"widget\" data-widget_type=\"spacer.default\">\n\t\t\t\t<div class=\"elementor-widget-container\">\n\t\t\t\t\t<div class=\"elementor-spacer\">\n\t\t\t<div class=\"elementor-spacer-inner\"><\/div>\n\t\t<\/div>\n\t\t\t\t<\/div>\n\t\t\t\t<\/div>\n\t\t\t\t\t\t<\/div>\n\t\t\t\t\t<\/div>\n\t\t<\/div>\n\t\t\t\t\t\t\t\t<\/div>\n\t\t\t\t\t<\/div>\n\t\t<\/section>\n\t\t\t\t\t\t<\/div>\n\t\t\t\t\t\t<\/div>\n\t\t\t\t\t<\/div>\n\t\t","protected":false},"excerpt":{"rendered":"<p>ORGANIZA\u00c7\u00c3O COMISS\u00c3O ORGANIZADORA Comiss\u00e3o Geral:Sandro Schreiber de OliveiraAndre Ferreira de Abreu Junior Comiss\u00e3o de Infraestrutura, Divulga\u00e7\u00e3o e Marketing:Sandro Schreiber de OliveiraDenise Herdy AfonsoEduardo Arquimino Postal Comiss\u00e3o Programa\u00e7\u00e3o Cient\u00edfica:Eliana Goldfarb CyrinoNildo Alves BatistaEduardo Arquimino PostalAndre Ferreira de Abreu Junior Comiss\u00e3o\u00a0 Cultural:Andr\u00e9 Ferreira de Abreu J\u00fanior Ana Claudia ChazanCaio Alexandre Mendes MoreiraDaniel Kahwage SilvaDenise Herdy Afonso Gabriela [&hellip;]<\/p>\n","protected":false},"author":1,"featured_media":0,"parent":181,"menu_order":2,"comment_status":"closed","ping_status":"closed","template":"elementor_header_footer","meta":[],"_links":{"self":[{"href":"https:\/\/cobem.com.br\/2021\/wp-json\/wp\/v2\/pages\/149"}],"collection":[{"href":"https:\/\/cobem.com.br\/2021\/wp-json\/wp\/v2\/pages"}],"about":[{"href":"https:\/\/cobem.com.br\/2021\/wp-json\/wp\/v2\/types\/page"}],"author":[{"embeddable":true,"href":"https:\/\/cobem.com.br\/2021\/wp-json\/wp\/v2\/users\/1"}],"replies":[{"embeddable":true,"href":"https:\/\/cobem.com.br\/2021\/wp-json\/wp\/v2\/comments?post=149"}],"version-history":[{"count":39,"href":"https:\/\/cobem.com.br\/2021\/wp-json\/wp\/v2\/pages\/149\/revisions"}],"predecessor-version":[{"id":941,"href":"https:\/\/cobem.com.br\/2021\/wp-json\/wp\/v2\/pages\/149\/revisions\/941"}],"up":[{"embeddable":true,"href":"https:\/\/cobem.com.br\/2021\/wp-json\/wp\/v2\/pages\/181"}],"wp:attachment":[{"href":"https:\/\/cobem.com.br\/2021\/wp-json\/wp\/v2\/media?parent=149"}],"curies":[{"name":"wp","href":"https:\/\/api.w.org\/{rel}","templated":true}]}}